{"id":1347,"date":"2018-12-09T14:50:37","date_gmt":"2018-12-09T14:50:37","guid":{"rendered":"http:\/\/ecophoto.cl\/?post_type=tribe_events&#038;p=1347"},"modified":"2019-01-18T13:33:23","modified_gmt":"2019-01-18T13:33:23","slug":"overland-fotografico-ruta-pehuen","status":"publish","type":"tribe_events","link":"http:\/\/ecophoto.cl\/?tribe_events=overland-fotografico-ruta-pehuen","title":{"rendered":"Overland fotogr\u00e1fico, Ruta Pehu\u00e9n Oto\u00f1al"},"content":{"rendered":"<h1 style=\"text-align: center;\"><\/h1>\n<h1>Estimados amigos de Ecophoto, tenemos el agrado de invitarlos a participar en el Overland fotogr\u00e1fico, Ruta Pehu\u00e9n Oto\u00f1al 2019<\/h1>\n<p style=\"text-align: center;\"><a href=\"http:\/\/ecophoto.cl\/wp-content\/uploads\/2018\/12\/DSC_9275.jpg\"><img loading=\"lazy\" class=\" wp-image-1331 aligncenter\" src=\"http:\/\/ecophoto.cl\/wp-content\/uploads\/2018\/12\/DSC_9275.jpg\" alt=\"\" width=\"598\" height=\"407\" \/><\/a><\/p>\n<p style=\"text-align: center;\">Realizaremos una fascinante traves\u00eda en veh\u00edculo 4\u00d74, comenzando desde la localidad de Temuco, regi\u00f3n de la Araucan\u00eda y recorriendo gran parte del coraz\u00f3n de la Araucan\u00eda Andina, donde tendremos la oportunidad de apreciar diversos entornos como la Reserva Natural Las Nalcas, el Volc\u00e1n Lonquimay y el Volc\u00e1n Tohuaca; Posteriormente, visitaremos el hermoso velo de la Novia, para seguir nuestra traves\u00eda hacia el Parque Nacional Conguill\u00edo, donde podremos apreciar el Volc\u00e1n Llaima y sus hermosos bosques de Araucaria, Coihue y otras especies nativas.<\/p>\n<p style=\"text-align: center;\"><a href=\"http:\/\/ecophoto.cl\/wp-content\/uploads\/2018\/12\/DSC_9633.jpg\"><img loading=\"lazy\" class=\" wp-image-1332 aligncenter\" src=\"http:\/\/ecophoto.cl\/wp-content\/uploads\/2018\/12\/DSC_9633.jpg\" alt=\"\" width=\"594\" height=\"382\" \/><\/a><\/p>\n<p style=\"text-align: center;\">Al d\u00eda siguiente, durante la ma\u00f1ana visitaremos distintos sectores atractivos del Parque Nacional Conguill\u00edo, para luego continuar a la localidad de Icalma, donde tendremos una tarde libre para poder disfrutar la zona de campamento. Durante la puesta de sol nos aventuraremos a la cumbre del Volc\u00e1n Batea Mahuida! Apreciando su gran vista a los volcanes de la zona!<\/p>\n<p style=\"text-align: center;\"><a href=\"http:\/\/ecophoto.cl\/wp-content\/uploads\/2018\/12\/DSC_0651.jpg\"><img loading=\"lazy\" class=\"wp-image-1330 aligncenter\" src=\"http:\/\/ecophoto.cl\/wp-content\/uploads\/2018\/12\/DSC_0651.jpg\" alt=\"\" width=\"612\" height=\"390\" \/><\/a><\/p>\n<p style=\"text-align: center;\">El tercer d\u00eda realizaremos una traves\u00eda 4&#215;4 por el interior de la Reserva Natural Villarrica, la cual tendr\u00e1 caminos con vadeos de peque\u00f1os r\u00edos, algo de barro y por supuesto paisajes de ensue\u00f1o!!<br \/>\nLlegaremos a la zona Lacustre donde, para finalizar el d\u00eda y la actividad, visitaremos el Volc\u00e1n Villarrica para apreciar su gran vista y por supuesto realizar una fotograf\u00eda grupal de todos los aventureros!!<\/p>\n<p style=\"text-align: center;\"><a href=\"http:\/\/ecophoto.cl\/wp-content\/uploads\/2018\/12\/DSC_9979.jpg\"><img loading=\"lazy\" class=\"wp-image-1335 aligncenter\" src=\"http:\/\/ecophoto.cl\/wp-content\/uploads\/2018\/12\/DSC_9979.jpg\" alt=\"\" width=\"618\" height=\"408\" \/><\/a><\/p>\n<h3 style=\"text-align: center;\"><strong>Itinerario<br \/>\n<\/strong><\/h3>\n<p style=\"text-align: center;\">D\u00eda 1 (114 km 4 Hr a prox)<br \/>\n\u2013 Curacaut\u00edn \u2013 RN Las Nalcas &#8211; PN Conguill\u00edo.<\/p>\n<p style=\"text-align: center;\">D\u00eda 2 (+117km Aprox 4 hr)<br \/>\n\u2013 Conguill\u00edo \u2013 Icalma \u2013 Volc\u00e1n Batea Mahuida.<\/p>\n<p style=\"text-align: center;\">D\u00eda 3 (220km Aprox 3 hr)<br \/>\n&#8211; Icalma \u2013 Curarrehue<br \/>\n\u2013 Puc\u00f3n<\/p>\n<h3 style=\"text-align: center;\"><strong>Pasajeros sin veh\u00edculo.<\/strong><\/h3>\n<p style=\"text-align: center;\">Los pasajeros ser\u00e1n transportados por los veh\u00edculos oficiales de Ecophoto, Jeep Wrangler Jk 4&#215;4, los pasajeros deber\u00e1n llevar consigo los siguientes elementos:<\/p>\n<p style=\"text-align: center;\">&#8211; Vestuario acuerdo a la actividad y los d\u00edas, no llevar ropa en exceso.<br \/>\n&#8211; \u00datiles de aseo personal y toalla.<br \/>\n&#8211; Saco de dormir.<br \/>\n&#8211; Cantimplora.<br \/>\n&#8211; Equipamiento fotogr\u00e1fico.<\/p>\n<p><a href=\"http:\/\/ecophoto.cl\/wp-content\/uploads\/2018\/12\/DSC_3614.jpg\"><img loading=\"lazy\" class=\" wp-image-1340 aligncenter\" src=\"http:\/\/ecophoto.cl\/wp-content\/uploads\/2018\/12\/DSC_3614.jpg\" alt=\"\" width=\"651\" height=\"414\" \/><\/a><\/p>\n<h3 style=\"text-align: center;\">Overlander con veh\u00edculo propio.<\/h3>\n<p style=\"text-align: center;\">El desarrollo de la actividad como Overlander es decir, el pasajero lleva y conduce su propio veh\u00edculo de traves\u00eda, el servicio incluye: Desayuno, alojamientos, log\u00edstica, charlas, guiado de fotograf\u00eda y registro de fotograf\u00eda sociales.<br \/>\nLos propios Overlander deber\u00e1n costear por su cuenta todos los servicios extras a la actividad es decir, costo de su combustible, costo de peajes autopistas, comidas y bebidas extras al programa.<\/p>\n<p style=\"text-align: center;\"><a href=\"http:\/\/ecophoto.cl\/wp-content\/uploads\/2018\/12\/50031953_2108113559273072_4822695524001906688_n.jpg\"><img loading=\"lazy\" class=\"alignnone size-full wp-image-1365\" src=\"http:\/\/ecophoto.cl\/wp-content\/uploads\/2018\/12\/50031953_2108113559273072_4822695524001906688_n.jpg\" alt=\"\" width=\"960\" height=\"640\" srcset=\"http:\/\/ecophoto.cl\/wp-content\/uploads\/2018\/12\/50031953_2108113559273072_4822695524001906688_n.jpg 960w, http:\/\/ecophoto.cl\/wp-content\/uploads\/2018\/12\/50031953_2108113559273072_4822695524001906688_n-600x400.jpg 600w\" sizes=\"(max-width: 960px) 100vw, 960px\" \/><\/a><\/p>\n<h3 style=\"text-align: center;\"><strong>Requisitos del veh\u00edculo de traves\u00eda:<\/strong><\/h3>\n<p style=\"text-align: center;\">&#8211; Veh\u00edculo 4&#215;4 con reductora recomendablemente y buen despeje.<br \/>\n&#8211; Veh\u00edculo en buen estado mec\u00e1nico, con su rueda de repuesto, gata, extintor y botiqu\u00edn.<br \/>\n&#8211; Veh\u00edculo con papeles al d\u00eda, permiso de circulaci\u00f3n, Revisi\u00f3n t\u00e9cnica y seguro obligatorio.<br \/>\n&#8211; Radio VHF\/ UHF port\u00e1til valor aprox en el mercado $30.000.-<\/p>\n<h1 style=\"text-align: center;\">Los conductores deben obedecer y seguir las reglas del Overland responsable. (Clic en el pajarito)<br \/>\n<a href=\" http:\/\/ecophoto.cl\/?page_id=1149\"><img loading=\"lazy\" class=\"wp-image-1157 aligncenter\" src=\"http:\/\/ecophoto.cl\/wp-content\/uploads\/2018\/09\/DSC_9024-2.png\" alt=\"\" width=\"322\" height=\"201\" srcset=\"http:\/\/ecophoto.cl\/wp-content\/uploads\/2018\/09\/DSC_9024-2.png 1200w, http:\/\/ecophoto.cl\/wp-content\/uploads\/2018\/09\/DSC_9024-2-600x376.png 600w, http:\/\/ecophoto.cl\/wp-content\/uploads\/2018\/09\/DSC_9024-2-300x188.png 300w, http:\/\/ecophoto.cl\/wp-content\/uploads\/2018\/09\/DSC_9024-2-768x481.png 768w, http:\/\/ecophoto.cl\/wp-content\/uploads\/2018\/09\/DSC_9024-2-1024x641.png 1024w, http:\/\/ecophoto.cl\/wp-content\/uploads\/2018\/09\/DSC_9024-2-416x260.png 416w\" sizes=\"(max-width: 322px) 100vw, 322px\" \/><\/a><\/h1>\n<p style=\"text-align: center;\">Ecophoto no se hace responsable de da\u00f1os por mal uso de su veh\u00edculo y da\u00f1os en caso de accidente durante la actividad.<br \/>\nCada conductor es responsable de su veh\u00edculo durante la actividad.<\/p>\n<p style=\"text-align: center;\">El itinerario puede variar y verse modificado debido a:<\/p>\n<p style=\"text-align: center;\">&#8211; Malas condiciones del camino.<br \/>\n&#8211; Condiciones meteorol\u00f3gicas adversas.<br \/>\n&#8211; En caso, de alg\u00fan pasajero, que sufra un accidente o tenga problemas de salud.<\/p>\n<p><a href=\"http:\/\/ecophoto.cl\/wp-content\/uploads\/2018\/12\/Sin-ti\u0301tulo-1.jpg\"><img loading=\"lazy\" class=\" wp-image-1343 aligncenter\" src=\"http:\/\/ecophoto.cl\/wp-content\/uploads\/2018\/12\/Sin-ti\u0301tulo-1.jpg\" alt=\"\" width=\"1151\" height=\"261\" \/> <\/a><\/p>\n<p style=\"text-align: center;\">Si tienes dudas o consultas, puedes contactarnos por el siguiente formulario:<\/p>\n<p style=\"text-align: center;\"><div role=\"form\" class=\"wpcf7\" id=\"wpcf7-f962-o1\" lang=\"es-ES\" dir=\"ltr\">\n<div class=\"screen-reader-response\"><p role=\"status\" aria-live=\"polite\" aria-atomic=\"true\"><\/p> <ul><\/ul><\/div>\n<form action=\"\/index.php?rest_route=%2Fwp%2Fv2%2Ftribe_events%2F1347#wpcf7-f962-o1\" method=\"post\" class=\"wpcf7-form init\" novalidate=\"novalidate\" data-status=\"init\">\n<div style=\"display: none;\">\n<input type=\"hidden\" name=\"_wpcf7\" value=\"962\" \/>\n<input type=\"hidden\" name=\"_wpcf7_version\" value=\"5.5.6\" \/>\n<input type=\"hidden\" name=\"_wpcf7_locale\" value=\"es_ES\" \/>\n<input type=\"hidden\" name=\"_wpcf7_unit_tag\" value=\"wpcf7-f962-o1\" \/>\n<input type=\"hidden\" name=\"_wpcf7_container_post\" value=\"0\" \/>\n<input type=\"hidden\" name=\"_wpcf7_posted_data_hash\" value=\"\" \/>\n<\/div>\n<p><label> Tu nombre (requerido)<br \/>\n    <span class=\"wpcf7-form-control-wrap your-name\"><input type=\"text\" name=\"your-name\" value=\"\" size=\"40\" class=\"wpcf7-form-control wpcf7-text wpcf7-validates-as-required\" aria-required=\"true\" aria-invalid=\"false\" \/><\/span> <\/label><\/p>\n<p><label> Tu correo electr\u00f3nico (requerido)<br \/>\n    <span class=\"wpcf7-form-control-wrap your-email\"><input type=\"email\" name=\"your-email\" value=\"\" size=\"40\" class=\"wpcf7-form-control wpcf7-text wpcf7-email wpcf7-validates-as-required wpcf7-validates-as-email\" aria-required=\"true\" aria-invalid=\"false\" \/><\/span> <\/label><\/p>\n<p><label> Asunto<br \/>\n    <span class=\"wpcf7-form-control-wrap your-subject\"><input type=\"text\" name=\"your-subject\" value=\"\" size=\"40\" class=\"wpcf7-form-control wpcf7-text\" aria-invalid=\"false\" \/><\/span> <\/label><\/p>\n<p><label> Tu mensaje<br \/>\n    <span class=\"wpcf7-form-control-wrap your-message\"><textarea name=\"your-message\" cols=\"40\" rows=\"10\" class=\"wpcf7-form-control wpcf7-textarea\" aria-invalid=\"false\"><\/textarea><\/span> <\/label><\/p>\n<p><input type=\"submit\" value=\"Enviar\" class=\"wpcf7-form-control has-spinner wpcf7-submit\" \/><\/p>\n<div class=\"wpcf7-response-output\" aria-hidden=\"true\"><\/div><\/form><\/div><\/p>\n<p>Bit\u00e1cora de viaje Ruta Pehu\u00e9n de 11, 12 y 13 de Enero.<\/p>\n<div style=\"width:100%\"><div class=\"wd_error\"><p><strong>No hay una galer\u00eda seleccionada o la galer\u00eda se ha eliminado.<\/strong><\/p><\/div><\/div>\n","protected":false},"excerpt":{"rendered":"<p>Estimados amigos de Ecophoto, tenemos el agrado de invitarlos a participar en el Overland fotogr\u00e1fico, Ruta Pehu\u00e9n Oto\u00f1al 2019 Realizaremos una fascinante traves\u00eda en veh\u00edculo 4\u00d74, comenzando desde la localidad de Temuco, regi\u00f3n de la Araucan\u00eda y recorriendo gran parte del coraz\u00f3n de la Araucan\u00eda &hellip; <\/p>\n","protected":false},"author":2,"featured_media":1370,"comment_status":"open","ping_status":"closed","template":"","meta":{"_tribe_events_status":"","_tribe_events_status_reason":""},"tags":[],"tribe_events_cat":[],"_links":{"self":[{"href":"http:\/\/ecophoto.cl\/index.php?rest_route=\/wp\/v2\/tribe_events\/1347"}],"collection":[{"href":"http:\/\/ecophoto.cl\/index.php?rest_route=\/wp\/v2\/tribe_events"}],"about":[{"href":"http:\/\/ecophoto.cl\/index.php?rest_route=\/wp\/v2\/types\/tribe_events"}],"author":[{"embeddable":true,"href":"http:\/\/ecophoto.cl\/index.php?rest_route=\/wp\/v2\/users\/2"}],"replies":[{"embeddable":true,"href":"http:\/\/ecophoto.cl\/index.php?rest_route=%2Fwp%2Fv2%2Fcomments&post=1347"}],"version-history":[{"count":7,"href":"http:\/\/ecophoto.cl\/index.php?rest_route=\/wp\/v2\/tribe_events\/1347\/revisions"}],"predecessor-version":[{"id":1371,"href":"http:\/\/ecophoto.cl\/index.php?rest_route=\/wp\/v2\/tribe_events\/1347\/revisions\/1371"}],"wp:featuredmedia":[{"embeddable":true,"href":"http:\/\/ecophoto.cl\/index.php?rest_route=\/wp\/v2\/media\/1370"}],"wp:attachment":[{"href":"http:\/\/ecophoto.cl\/index.php?rest_route=%2Fwp%2Fv2%2Fmedia&parent=1347"}],"wp:term":[{"taxonomy":"post_tag","embeddable":true,"href":"http:\/\/ecophoto.cl\/index.php?rest_route=%2Fwp%2Fv2%2Ftags&post=1347"},{"taxonomy":"tribe_events_cat","embeddable":true,"href":"http:\/\/ecophoto.cl\/index.php?rest_route=%2Fwp%2Fv2%2Ftribe_events_cat&post=1347"}],"curies":[{"name":"wp","href":"https:\/\/api.w.org\/{rel}","templated":true}]}}